{"id":1371,"date":"2021-03-09T18:12:27","date_gmt":"2021-03-09T18:12:27","guid":{"rendered":"https:\/\/revistasincorgo.com.br\/?page_id=1371"},"modified":"2022-02-18T12:02:46","modified_gmt":"2022-02-18T12:02:46","slug":"institucional","status":"publish","type":"page","link":"https:\/\/revistasincorgo.com.br\/index.php\/institucional\/","title":{"rendered":"Institucional"},"content":{"rendered":"\n<figure class=\"wp-block-image size-large is-resized\"><img loading=\"lazy\" decoding=\"async\" src=\"https:\/\/revistasincorgo.com.br\/wp-content\/uploads\/2021\/02\/logo-expediante.jpg\" alt=\"\" class=\"wp-image-1202\" width=\"770\" height=\"197\" srcset=\"https:\/\/revistasincorgo.com.br\/wp-content\/uploads\/2021\/02\/logo-expediante.jpg 900w, https:\/\/revistasincorgo.com.br\/wp-content\/uploads\/2021\/02\/logo-expediante-300x77.jpg 300w, https:\/\/revistasincorgo.com.br\/wp-content\/uploads\/2021\/02\/logo-expediante-768x197.jpg 768w\" sizes=\"auto, (max-width: 770px) 100vw, 770px\" \/><\/figure>\n\n\n\n<div class=\"wp-block-columns is-layout-flex wp-container-core-columns-is-layout-9d6595d7 wp-block-columns-is-layout-flex\">\n<div class=\"wp-block-column is-layout-flow wp-block-column-is-layout-flow\">\n<p><strong>DIRETORIA EXECUTIVA EFETIVA<\/strong><\/p>\n\n\n\n<p><strong>Presidente<\/strong><br style=\" display: block; \">Vin\u00edcius de Ara\u00fajo Porto<\/p>\n\n\n\n<p><strong>Vice-Presidente Administrativo<\/strong><br style=\" display: block; \">Roney Almeida Macedo<\/p>\n\n\n\n<p><strong>Vice-Presidente Financeiro<\/strong><br style=\" display: block; \">Deivid Pereira<\/p>\n\n\n\n<p><strong>Vice-Presidente T\u00e9cnico<\/strong><br style=\" display: block; \"><strong><\/strong>Anderson Pires Costa Cardoso<\/p>\n\n\n\n<p><strong>Vice-Presidente Social e de Benef\u00edcios<\/strong><br style=\" display: block; \"><strong><\/strong>Vera L\u00facia Campos Fornari<\/p>\n\n\n\n<p><strong>Vice-Presidente de Marketing Rela\u00e7\u00f5es com o Mercado<\/strong><br style=\" display: block; \"><strong><\/strong>S\u00e9rgio Jos\u00e9 de Melo<\/p>\n\n\n\n<p><strong>Vice-Presidente Institucional e de Rela\u00e7\u00f5es com o Corretor de Seguros<\/strong><br style=\" display: block; \"><strong><\/strong>Leonardo de Miranda Almeida<\/p>\n\n\n\n<p><strong>DIRETORES N\u00c3O EFETIVOS:<\/strong><\/p>\n\n\n\n<ul class=\"wp-block-list\"><li>Admilson Alves de Castro;<\/li><li>Ana Maria Martins de Oliveira Andrade;<\/li><li>Carmem Lucy Silva;<\/li><li>Evanira Barbosa de Macedo;<\/li><li>Fausto Rodrigues de Godoi;<\/li><li>Giuliano Carlos Fernandes da Silva;<\/li><li>Isabella Petini de Oliveira;<\/li><li>Jairo Cirilo Amaral;<\/li><li>Liamar Geralda Martins Ferreira;<\/li><li>Ludmilla de Mesquita Correia Ribeiro;<\/li><li>Mariana de Jesus Fonseca;<\/li><li>Silvio Roberto de Sousa Rodrigues;<\/li><li>Thiago Perilo de Azevedo Silva;<\/li><li>Wallacy Luiz Silva Oliveira.<\/li><\/ul>\n\n\n\n<p><\/p>\n<\/div>\n\n\n\n<div class=\"wp-block-column is-layout-flow wp-block-column-is-layout-flow\">\n<p><strong>MEMBROS DO CONSELHO FISCAL:<\/strong><\/p>\n\n\n\n<ul class=\"wp-block-list\"><li><strong>Presidente<\/strong>Amaury Gon\u00e7alves da Cunha<\/li><li><strong>Conselheiros<\/strong>Marcos Carneiro Martins Arruda;Osmar dos Reis de Sousa<\/li><\/ul>\n\n\n\n<p><strong>SUPLENTES\/CONSELHO FISCAL:<\/strong><\/p>\n\n\n\n<ul class=\"wp-block-list\"><li>Gilson Ant\u00f4nio de Sousa;<\/li><li>Ronaldo Luiz de Miranda;<\/li><li>Samuel Azevedo Barros Sobrinho.<\/li><\/ul>\n\n\n\n<p><strong>REPRESENTANTES\/DELEGADOS JUNTO \u00c0 FENACOR:<\/strong><\/p>\n\n\n\n<p><strong>1\u00ba Delegado<\/strong><br style=\" display: block; \"><strong><\/strong>Lucas de Castro Santos<\/p>\n\n\n\n<p><strong>2\u00ba Delegado<\/strong><br style=\" display: block; \">Henderson de Paula Rodrigues<\/p>\n\n\n\n<p><strong>1\u00ba Suplente<\/strong><br style=\" display: block; \">Hailton Costa Neves<\/p>\n\n\n\n<p><strong>2\u00ba Suplente<\/strong><br style=\" display: block; \"><strong><\/strong>Oz\u00f3rio Manuel da Silva<\/p>\n\n\n\n<p><\/p>\n<\/div>\n<\/div>\n\n\n\n<p><\/p>\n","protected":false},"excerpt":{"rendered":"<p>DIRETORIA EXECUTIVA EFETIVA PresidenteVin\u00edcius de Ara\u00fajo Porto Vice-Presidente AdministrativoRoney Almeida Macedo Vice-Presidente FinanceiroDeivid Pereira Vice-Presidente T\u00e9cnicoAnderson Pires Costa Cardoso Vice-Presidente Social e de Benef\u00edciosVera L\u00facia Campos Fornari Vice-Presidente de Marketing Rela\u00e7\u00f5es com o MercadoS\u00e9rgio Jos\u00e9 de Melo Vice-Presidente Institucional e de Rela\u00e7\u00f5es com o Corretor de SegurosLeonardo de Miranda Almeida DIRETORES N\u00c3O EFETIVOS: Admilson Alves [&hellip;]<\/p>\n","protected":false},"author":1,"featured_media":1405,"parent":0,"menu_order":0,"comment_status":"closed","ping_status":"open","template":"","meta":{"footnotes":""},"class_list":["post-1371","page","type-page","status-publish","has-post-thumbnail","hentry"],"_links":{"self":[{"href":"https:\/\/revistasincorgo.com.br\/index.php\/wp-json\/wp\/v2\/pages\/1371","targetHints":{"allow":["GET"]}}],"collection":[{"href":"https:\/\/revistasincorgo.com.br\/index.php\/wp-json\/wp\/v2\/pages"}],"about":[{"href":"https:\/\/revistasincorgo.com.br\/index.php\/wp-json\/wp\/v2\/types\/page"}],"author":[{"embeddable":true,"href":"https:\/\/revistasincorgo.com.br\/index.php\/wp-json\/wp\/v2\/users\/1"}],"replies":[{"embeddable":true,"href":"https:\/\/revistasincorgo.com.br\/index.php\/wp-json\/wp\/v2\/comments?post=1371"}],"version-history":[{"count":20,"href":"https:\/\/revistasincorgo.com.br\/index.php\/wp-json\/wp\/v2\/pages\/1371\/revisions"}],"predecessor-version":[{"id":2291,"href":"https:\/\/revistasincorgo.com.br\/index.php\/wp-json\/wp\/v2\/pages\/1371\/revisions\/2291"}],"wp:featuredmedia":[{"embeddable":true,"href":"https:\/\/revistasincorgo.com.br\/index.php\/wp-json\/wp\/v2\/media\/1405"}],"wp:attachment":[{"href":"https:\/\/revistasincorgo.com.br\/index.php\/wp-json\/wp\/v2\/media?parent=1371"}],"curies":[{"name":"wp","href":"https:\/\/api.w.org\/{rel}","templated":true}]}}